{"id":7108,"date":"2025-06-25T19:17:50","date_gmt":"2025-06-25T17:17:50","guid":{"rendered":"https:\/\/dianadelajara.com\/?page_id=7108"},"modified":"2025-06-25T19:17:55","modified_gmt":"2025-06-25T17:17:55","slug":"fotos-pomerania","status":"publish","type":"page","link":"https:\/\/dianadelajara.com\/pt\/fotos-de-pomerania\/","title":{"rendered":"Fotos de Pomer\u00e2nia"},"content":{"rendered":"<p>Galeria de fotos de Pomer\u00e2nia, as fotos mais recentes tiradas de nossos filhotes de Pomer\u00e2nia, tamb\u00e9m conhecidos como <em>Lulu, a Pomer\u00e2nia<\/em>.<\/p>\n\n\n\n<div class=\"wp-block-image-gallery-block-image-gallery-block\"><div class=\"eb-parent-wrapper eb-parent-eb-image-gallery-fwvei\"><div class=\"eb-gallery-img-wrapper eb-image-gallery-fwvei grid overlay-bottom caption-style-0   no-isotope\" data-id=\"eb-image-gallery-fwvei\"><a href=\"https:\/\/dianadelajara.com\/wp-content\/uploads\/2025\/06\/IMG_4297.jpg\" rel=\"noopener\" data-fslightbox=\"gallery\" data-type=\"image\" class=\"eb-gallery-img-content eb-filter-img-\"><span class=\"eb-gallery-link-wrapper\"><img decoding=\"async\" class=\"eb-gallery-img\" src=\"https:\/\/dianadelajara.com\/wp-content\/uploads\/2025\/06\/IMG_4297.jpg\" image-index=\"0\" alt=\"Pomer\u00e2nia - Diana de la Jara\"\/><\/span><\/a><a href=\"https:\/\/dianadelajara.com\/wp-content\/uploads\/2025\/06\/IMG_4295.jpg\" rel=\"noopener\" data-fslightbox=\"gallery\" data-type=\"image\" class=\"eb-gallery-img-content eb-filter-img-\"><span class=\"eb-gallery-link-wrapper\"><img decoding=\"async\" class=\"eb-gallery-img\" src=\"https:\/\/dianadelajara.com\/wp-content\/uploads\/2025\/06\/IMG_4295.jpg\" image-index=\"1\" alt=\"Pomer\u00e2nia - Diana de la Jara\"\/><\/span><\/a><a href=\"https:\/\/dianadelajara.com\/wp-content\/uploads\/2025\/06\/IMG_4292.jpg\" rel=\"noopener\" data-fslightbox=\"gallery\" data-type=\"image\" class=\"eb-gallery-img-content eb-filter-img-\"><span class=\"eb-gallery-link-wrapper\"><img decoding=\"async\" class=\"eb-gallery-img\" src=\"https:\/\/dianadelajara.com\/wp-content\/uploads\/2025\/06\/IMG_4292.jpg\" image-index=\"2\" alt=\"Pomer\u00e2nia - Diana de la Jara\"\/><\/span><\/a><a href=\"https:\/\/dianadelajara.com\/wp-content\/uploads\/2025\/06\/IMG_4291.jpg\" rel=\"noopener\" data-fslightbox=\"gallery\" data-type=\"image\" class=\"eb-gallery-img-content eb-filter-img-\"><span class=\"eb-gallery-link-wrapper\"><img decoding=\"async\" class=\"eb-gallery-img\" src=\"https:\/\/dianadelajara.com\/wp-content\/uploads\/2025\/06\/IMG_4291.jpg\" image-index=\"3\" alt=\"Pomer\u00e2nia - Diana de la Jara\"\/><\/span><\/a><a href=\"https:\/\/dianadelajara.com\/wp-content\/uploads\/2025\/06\/IMG_4290.jpg\" rel=\"noopener\" data-fslightbox=\"gallery\" data-type=\"image\" class=\"eb-gallery-img-content eb-filter-img-\"><span class=\"eb-gallery-link-wrapper\"><img decoding=\"async\" class=\"eb-gallery-img\" src=\"https:\/\/dianadelajara.com\/wp-content\/uploads\/2025\/06\/IMG_4290.jpg\" image-index=\"4\" alt=\"Pomer\u00e2nia - Diana de la Jara\"\/><\/span><\/a><a href=\"https:\/\/dianadelajara.com\/wp-content\/uploads\/2025\/06\/IMG_4288.jpg\" rel=\"noopener\" data-fslightbox=\"gallery\" data-type=\"image\" class=\"eb-gallery-img-content eb-filter-img-\"><span class=\"eb-gallery-link-wrapper\"><img decoding=\"async\" class=\"eb-gallery-img\" src=\"https:\/\/dianadelajara.com\/wp-content\/uploads\/2025\/06\/IMG_4288.jpg\" image-index=\"5\" alt=\"Pomer\u00e2nia - Diana de la Jara\"\/><\/span><\/a><a href=\"https:\/\/dianadelajara.com\/wp-content\/uploads\/2025\/06\/IMG_4287.jpg\" rel=\"noopener\" data-fslightbox=\"gallery\" data-type=\"image\" class=\"eb-gallery-img-content eb-filter-img-\"><span class=\"eb-gallery-link-wrapper\"><img decoding=\"async\" class=\"eb-gallery-img\" src=\"https:\/\/dianadelajara.com\/wp-content\/uploads\/2025\/06\/IMG_4287.jpg\" image-index=\"6\" alt=\"Pomer\u00e2nia - Diana de la Jara\"\/><\/span><\/a><a href=\"https:\/\/dianadelajara.com\/wp-content\/uploads\/2025\/06\/IMG_4284.jpg\" rel=\"noopener\" data-fslightbox=\"gallery\" data-type=\"image\" class=\"eb-gallery-img-content eb-filter-img-\"><span class=\"eb-gallery-link-wrapper\"><img decoding=\"async\" class=\"eb-gallery-img\" src=\"https:\/\/dianadelajara.com\/wp-content\/uploads\/2025\/06\/IMG_4284.jpg\" image-index=\"7\" alt=\"Pomer\u00e2nia - Diana de la Jara\"\/><\/span><\/a><a href=\"https:\/\/dianadelajara.com\/wp-content\/uploads\/2025\/06\/IMG_4281.jpg\" rel=\"noopener\" data-fslightbox=\"gallery\" data-type=\"image\" class=\"eb-gallery-img-content eb-filter-img-\"><span class=\"eb-gallery-link-wrapper\"><img decoding=\"async\" class=\"eb-gallery-img\" src=\"https:\/\/dianadelajara.com\/wp-content\/uploads\/2025\/06\/IMG_4281.jpg\" image-index=\"8\" alt=\"Pomer\u00e2nia - Diana de la Jara\"\/><\/span><\/a><a href=\"https:\/\/dianadelajara.com\/wp-content\/uploads\/2025\/06\/image00065.jpeg\" rel=\"noopener\" data-fslightbox=\"gallery\" data-type=\"image\" class=\"eb-gallery-img-content eb-filter-img-\"><span class=\"eb-gallery-link-wrapper\"><img decoding=\"async\" class=\"eb-gallery-img\" src=\"https:\/\/dianadelajara.com\/wp-content\/uploads\/2025\/06\/image00065.jpeg\" image-index=\"9\" alt=\"Pomer\u00e2nia preto e branco - Diana de la Jara\"\/><\/span><\/a><a href=\"https:\/\/dianadelajara.com\/wp-content\/uploads\/2025\/06\/image00064.jpeg\" rel=\"noopener\" data-fslightbox=\"gallery\" data-type=\"image\" class=\"eb-gallery-img-content eb-filter-img-\"><span class=\"eb-gallery-link-wrapper\"><img decoding=\"async\" class=\"eb-gallery-img\" src=\"https:\/\/dianadelajara.com\/wp-content\/uploads\/2025\/06\/image00064.jpeg\" image-index=\"10\" alt=\"Pomer\u00e2nia preto e branco - Diana de la Jara\"\/><\/span><\/a><a href=\"https:\/\/dianadelajara.com\/wp-content\/uploads\/2025\/06\/image00063.jpeg\" rel=\"noopener\" data-fslightbox=\"gallery\" data-type=\"image\" class=\"eb-gallery-img-content eb-filter-img-\"><span class=\"eb-gallery-link-wrapper\"><img decoding=\"async\" class=\"eb-gallery-img\" src=\"https:\/\/dianadelajara.com\/wp-content\/uploads\/2025\/06\/image00063.jpeg\" image-index=\"11\" alt=\"Pomer\u00e2nia preto e branco - Diana de la Jara\"\/><\/span><\/a><a href=\"https:\/\/dianadelajara.com\/wp-content\/uploads\/2025\/06\/image00062.jpeg\" rel=\"noopener\" data-fslightbox=\"gallery\" data-type=\"image\" class=\"eb-gallery-img-content eb-filter-img-\"><span class=\"eb-gallery-link-wrapper\"><img decoding=\"async\" class=\"eb-gallery-img\" src=\"https:\/\/dianadelajara.com\/wp-content\/uploads\/2025\/06\/image00062.jpeg\" image-index=\"12\" alt=\"Pomer\u00e2nia preto e branco - Diana de la Jara\"\/><\/span><\/a><a href=\"https:\/\/dianadelajara.com\/wp-content\/uploads\/2025\/06\/image00061.jpeg\" rel=\"noopener\" data-fslightbox=\"gallery\" data-type=\"image\" class=\"eb-gallery-img-content eb-filter-img-\"><span class=\"eb-gallery-link-wrapper\"><img decoding=\"async\" class=\"eb-gallery-img\" src=\"https:\/\/dianadelajara.com\/wp-content\/uploads\/2025\/06\/image00061.jpeg\" image-index=\"13\" alt=\"Pomer\u00e2nia preto e branco - Diana de la Jara\"\/><\/span><\/a><a href=\"https:\/\/dianadelajara.com\/wp-content\/uploads\/2025\/06\/image00060.jpeg\" rel=\"noopener\" data-fslightbox=\"gallery\" data-type=\"image\" class=\"eb-gallery-img-content eb-filter-img-\"><span class=\"eb-gallery-link-wrapper\"><img decoding=\"async\" class=\"eb-gallery-img\" src=\"https:\/\/dianadelajara.com\/wp-content\/uploads\/2025\/06\/image00060.jpeg\" image-index=\"14\" alt=\"Pomer\u00e2nia preto e branco - Diana de la Jara\"\/><\/span><\/a><a href=\"https:\/\/dianadelajara.com\/wp-content\/uploads\/2025\/06\/image00059.jpeg\" rel=\"noopener\" data-fslightbox=\"gallery\" data-type=\"image\" class=\"eb-gallery-img-content eb-filter-img-\"><span class=\"eb-gallery-link-wrapper\"><img decoding=\"async\" class=\"eb-gallery-img\" src=\"https:\/\/dianadelajara.com\/wp-content\/uploads\/2025\/06\/image00059.jpeg\" image-index=\"15\" alt=\"Pomer\u00e2nia Negra - Diana de la Jara\"\/><\/span><\/a><a href=\"https:\/\/dianadelajara.com\/wp-content\/uploads\/2025\/06\/image00057.jpeg\" rel=\"noopener\" data-fslightbox=\"gallery\" data-type=\"image\" class=\"eb-gallery-img-content eb-filter-img-\"><span class=\"eb-gallery-link-wrapper\"><img decoding=\"async\" class=\"eb-gallery-img\" src=\"https:\/\/dianadelajara.com\/wp-content\/uploads\/2025\/06\/image00057.jpeg\" image-index=\"16\" alt=\"Pomer\u00e2nia Negra - Diana de la Jara\"\/><\/span><\/a><a href=\"https:\/\/dianadelajara.com\/wp-content\/uploads\/2025\/06\/image00023.jpeg\" rel=\"noopener\" data-fslightbox=\"gallery\" data-type=\"image\" class=\"eb-gallery-img-content eb-filter-img-\"><span class=\"eb-gallery-link-wrapper\"><img decoding=\"async\" class=\"eb-gallery-img\" src=\"https:\/\/dianadelajara.com\/wp-content\/uploads\/2025\/06\/image00023.jpeg\" image-index=\"17\" alt=\"Pomer\u00e2nia - Diana de la Jara\"\/><\/span><\/a><a href=\"https:\/\/dianadelajara.com\/wp-content\/uploads\/2025\/06\/image00010.jpeg\" rel=\"noopener\" data-fslightbox=\"gallery\" data-type=\"image\" class=\"eb-gallery-img-content eb-filter-img-\"><span class=\"eb-gallery-link-wrapper\"><img decoding=\"async\" class=\"eb-gallery-img\" src=\"https:\/\/dianadelajara.com\/wp-content\/uploads\/2025\/06\/image00010.jpeg\" image-index=\"18\" alt=\"Merle da Pomer\u00e2nia - Diana de la Jara\"\/><\/span><\/a><a href=\"https:\/\/dianadelajara.com\/wp-content\/uploads\/2025\/06\/image00009.jpeg\" rel=\"noopener\" data-fslightbox=\"gallery\" data-type=\"image\" class=\"eb-gallery-img-content eb-filter-img-\"><span class=\"eb-gallery-link-wrapper\"><img decoding=\"async\" class=\"eb-gallery-img\" src=\"https:\/\/dianadelajara.com\/wp-content\/uploads\/2025\/06\/image00009.jpeg\" image-index=\"19\" alt=\"Merle da Pomer\u00e2nia - Diana de la Jara\"\/><\/span><\/a><a href=\"https:\/\/dianadelajara.com\/wp-content\/uploads\/2025\/06\/image00008.jpeg\" rel=\"noopener\" data-fslightbox=\"gallery\" data-type=\"image\" class=\"eb-gallery-img-content eb-filter-img-\"><span class=\"eb-gallery-link-wrapper\"><img decoding=\"async\" class=\"eb-gallery-img\" src=\"https:\/\/dianadelajara.com\/wp-content\/uploads\/2025\/06\/image00008.jpeg\" image-index=\"20\" alt=\"Merle da Pomer\u00e2nia - Diana de la Jara\"\/><\/span><\/a><a href=\"https:\/\/dianadelajara.com\/wp-content\/uploads\/2025\/06\/image00007.jpeg\" rel=\"noopener\" data-fslightbox=\"gallery\" data-type=\"image\" class=\"eb-gallery-img-content eb-filter-img-\"><span class=\"eb-gallery-link-wrapper\"><img decoding=\"async\" class=\"eb-gallery-img\" src=\"https:\/\/dianadelajara.com\/wp-content\/uploads\/2025\/06\/image00007.jpeg\" image-index=\"21\" alt=\"Merle da Pomer\u00e2nia - Diana de la Jara\"\/><\/span><\/a><a href=\"https:\/\/dianadelajara.com\/wp-content\/uploads\/2025\/06\/image00006.jpeg\" rel=\"noopener\" data-fslightbox=\"gallery\" data-type=\"image\" class=\"eb-gallery-img-content eb-filter-img-\"><span class=\"eb-gallery-link-wrapper\"><img decoding=\"async\" class=\"eb-gallery-img\" src=\"https:\/\/dianadelajara.com\/wp-content\/uploads\/2025\/06\/image00006.jpeg\" image-index=\"22\" alt=\"Merle da Pomer\u00e2nia - Diana de la Jara\"\/><\/span><\/a><a href=\"https:\/\/dianadelajara.com\/wp-content\/uploads\/2025\/05\/pomerania-diana-de-la-jara.jpg\" rel=\"noopener\" data-fslightbox=\"gallery\" data-type=\"image\" class=\"eb-gallery-img-content eb-filter-img-\"><span class=\"eb-gallery-link-wrapper\"><img decoding=\"async\" class=\"eb-gallery-img\" src=\"https:\/\/dianadelajara.com\/wp-content\/uploads\/2025\/05\/pomerania-diana-de-la-jara.jpg\" image-index=\"23\" alt=\"Diana de la Cistus da Pomer\u00e2nia\"\/><\/span><\/a><a href=\"https:\/\/dianadelajara.com\/wp-content\/uploads\/2025\/05\/pomerania-diana-de-la-jara-6.jpg\" rel=\"noopener\" data-fslightbox=\"gallery\" data-type=\"image\" class=\"eb-gallery-img-content eb-filter-img-\"><span class=\"eb-gallery-link-wrapper\"><img decoding=\"async\" class=\"eb-gallery-img\" src=\"https:\/\/dianadelajara.com\/wp-content\/uploads\/2025\/05\/pomerania-diana-de-la-jara-6.jpg\" image-index=\"24\" alt=\"Pomer\u00e2nia Diana de la Jara 4\"\/><\/span><\/a><a href=\"https:\/\/dianadelajara.com\/wp-content\/uploads\/2025\/05\/pomerania-diana-de-la-jara-5.jpg\" rel=\"noopener\" data-fslightbox=\"gallery\" data-type=\"image\" class=\"eb-gallery-img-content eb-filter-img-\"><span class=\"eb-gallery-link-wrapper\"><img decoding=\"async\" class=\"eb-gallery-img\" src=\"https:\/\/dianadelajara.com\/wp-content\/uploads\/2025\/05\/pomerania-diana-de-la-jara-5.jpg\" image-index=\"25\" alt=\"Pomer\u00e2nia Diana de la Jara 4\"\/><\/span><\/a><a href=\"https:\/\/dianadelajara.com\/wp-content\/uploads\/2025\/05\/pomerania-diana-de-la-jara-4.jpg\" rel=\"noopener\" data-fslightbox=\"gallery\" data-type=\"image\" class=\"eb-gallery-img-content eb-filter-img-\"><span class=\"eb-gallery-link-wrapper\"><img decoding=\"async\" class=\"eb-gallery-img\" src=\"https:\/\/dianadelajara.com\/wp-content\/uploads\/2025\/05\/pomerania-diana-de-la-jara-4.jpg\" image-index=\"26\" alt=\"Pomer\u00e2nia Diana de la Jara 4\"\/><\/span><\/a><a href=\"https:\/\/dianadelajara.com\/wp-content\/uploads\/2025\/05\/pomerania-diana-de-la-jara-2.jpg\" rel=\"noopener\" data-fslightbox=\"gallery\" data-type=\"image\" class=\"eb-gallery-img-content eb-filter-img-\"><span class=\"eb-gallery-link-wrapper\"><img decoding=\"async\" class=\"eb-gallery-img\" src=\"https:\/\/dianadelajara.com\/wp-content\/uploads\/2025\/05\/pomerania-diana-de-la-jara-2.jpg\" image-index=\"27\" alt=\"Pomer\u00e2nia Diana de la Jara 2\"\/><\/span><\/a><a href=\"https:\/\/dianadelajara.com\/wp-content\/uploads\/2025\/05\/pomerania-diana-de-la-jara-3.jpg\" rel=\"noopener\" data-fslightbox=\"gallery\" data-type=\"image\" class=\"eb-gallery-img-content eb-filter-img-\"><span class=\"eb-gallery-link-wrapper\"><img decoding=\"async\" class=\"eb-gallery-img\" src=\"https:\/\/dianadelajara.com\/wp-content\/uploads\/2025\/05\/pomerania-diana-de-la-jara-3.jpg\" image-index=\"28\" alt=\"Pomer\u00e2nia Diana de la Jara 3\"\/><\/span><\/a><a href=\"https:\/\/dianadelajara.com\/wp-content\/uploads\/2025\/02\/cachorro-criadero-diana-de-la-jara-4.jpg\" rel=\"noopener\" data-fslightbox=\"gallery\" data-type=\"image\" class=\"eb-gallery-img-content eb-filter-img-\"><span class=\"eb-gallery-link-wrapper\"><img decoding=\"async\" class=\"eb-gallery-img\" src=\"https:\/\/dianadelajara.com\/wp-content\/uploads\/2025\/02\/cachorro-criadero-diana-de-la-jara-4.jpg\" image-index=\"29\" alt=\"\"\/><\/span><\/a><a href=\"https:\/\/dianadelajara.com\/wp-content\/uploads\/2024\/11\/lulu-de-pomerania-cachorro-diana-de-la-jara-1.jpg\" rel=\"noopener\" data-fslightbox=\"gallery\" data-type=\"image\" class=\"eb-gallery-img-content eb-filter-img-\"><span class=\"eb-gallery-link-wrapper\"><img decoding=\"async\" class=\"eb-gallery-img\" src=\"https:\/\/dianadelajara.com\/wp-content\/uploads\/2024\/11\/lulu-de-pomerania-cachorro-diana-de-la-jara-1.jpg\" image-index=\"30\" alt=\"Filhote de Pomer\u00e2nia - Diana de la Jara (1)\"\/><\/span><\/a><a href=\"https:\/\/dianadelajara.com\/wp-content\/uploads\/2024\/11\/lulu-de-pomerania-cachorro-diana-de-la-jara-2.jpg\" rel=\"noopener\" data-fslightbox=\"gallery\" data-type=\"image\" class=\"eb-gallery-img-content eb-filter-img-\"><span class=\"eb-gallery-link-wrapper\"><img decoding=\"async\" class=\"eb-gallery-img\" src=\"https:\/\/dianadelajara.com\/wp-content\/uploads\/2024\/11\/lulu-de-pomerania-cachorro-diana-de-la-jara-2.jpg\" image-index=\"31\" alt=\"\"\/><\/span><\/a><a href=\"https:\/\/dianadelajara.com\/wp-content\/uploads\/2024\/11\/pomerania-toy.jpg\" rel=\"noopener\" data-fslightbox=\"gallery\" data-type=\"image\" class=\"eb-gallery-img-content eb-filter-img-\"><span class=\"eb-gallery-link-wrapper\"><img decoding=\"async\" class=\"eb-gallery-img\" src=\"https:\/\/dianadelajara.com\/wp-content\/uploads\/2024\/11\/pomerania-toy.jpg\" image-index=\"32\" alt=\"\"\/><\/span><\/a><a href=\"https:\/\/dianadelajara.com\/wp-content\/uploads\/2024\/11\/pomerania-puppy.jpg\" rel=\"noopener\" data-fslightbox=\"gallery\" data-type=\"image\" class=\"eb-gallery-img-content eb-filter-img-\"><span class=\"eb-gallery-link-wrapper\"><img decoding=\"async\" class=\"eb-gallery-img\" src=\"https:\/\/dianadelajara.com\/wp-content\/uploads\/2024\/11\/pomerania-puppy.jpg\" image-index=\"33\" alt=\"\"\/><\/span><\/a><a href=\"https:\/\/dianadelajara.com\/wp-content\/uploads\/2024\/11\/pomerania-puppies-e1730917198673.jpg\" rel=\"noopener\" data-fslightbox=\"gallery\" data-type=\"image\" class=\"eb-gallery-img-content eb-filter-img-\"><span class=\"eb-gallery-link-wrapper\"><img decoding=\"async\" class=\"eb-gallery-img\" src=\"https:\/\/dianadelajara.com\/wp-content\/uploads\/2024\/11\/pomerania-puppies-e1730917198673.jpg\" image-index=\"34\" alt=\"Filhotes de Pomer\u00e2nia\"\/><\/span><\/a><a href=\"https:\/\/dianadelajara.com\/wp-content\/uploads\/2024\/11\/pomerania-lobo.jpg\" rel=\"noopener\" data-fslightbox=\"gallery\" data-type=\"image\" class=\"eb-gallery-img-content eb-filter-img-\"><span class=\"eb-gallery-link-wrapper\"><img decoding=\"async\" class=\"eb-gallery-img\" src=\"https:\/\/dianadelajara.com\/wp-content\/uploads\/2024\/11\/pomerania-lobo.jpg\" image-index=\"35\" alt=\"\"\/><\/span><\/a><a href=\"https:\/\/dianadelajara.com\/wp-content\/uploads\/2024\/04\/pomerania-diana-de-la-jara.jpg\" rel=\"noopener\" data-fslightbox=\"gallery\" data-type=\"image\" class=\"eb-gallery-img-content eb-filter-img-\"><span class=\"eb-gallery-link-wrapper\"><img decoding=\"async\" class=\"eb-gallery-img\" src=\"https:\/\/dianadelajara.com\/wp-content\/uploads\/2024\/04\/pomerania-diana-de-la-jara.jpg\" image-index=\"36\" alt=\"Diana de la Cistus da Pomer\u00e2nia\"\/><\/span><\/a><\/div><\/div><\/div>\n\n\n\n<p>Bem-vindo \u00e0 nossa espetacular galeria de&nbsp;<strong>Fotos de Pomer\u00e2nia<\/strong>, onde voc\u00ea poder\u00e1 descobrir a ternura, a eleg\u00e2ncia e a alegria que caracterizam os filhotes e adultos desta ra\u00e7a fascinante. Se voc\u00ea est\u00e1 procurando por&nbsp;<strong>Fotos de Pomer\u00e2nia<\/strong>&nbsp;Para conhecer melhor esses filhotes, se inspirar ou simplesmente apreciar fotos ador\u00e1veis, voc\u00ea veio ao lugar certo.<\/p>\n\n\n\n<h2 class=\"wp-block-heading\" id=\"pomerania-una-raza-con-encanto\">Pomer\u00e2nia: Uma Ra\u00e7a Encantadora<\/h2>\n\n\n\n<p>Ele\u00a0<strong>Pomer\u00e2nia<\/strong>, tamb\u00e9m conhecido como <em>Spitz an\u00e3o alem\u00e3o<\/em> o <em>Lulu, a Pomer\u00e2nia<\/em>, O [incompreens\u00edvel] \u00e9 uma das ra\u00e7as de c\u00e3es pequenos mais populares do mundo. Sua apar\u00eancia semelhante a um ursinho de pel\u00facia, cauda em forma de leque e temperamento vivaz o tornam um companheiro ideal tanto para fam\u00edlias quanto para pessoas que moram sozinhas. Em nossa galeria de\u00a0<strong>Fotos de Pomer\u00e2nia<\/strong>\u00a0Voc\u00ea poder\u00e1 apreciar cada detalhe desses pequeninos: sua pelagem macia, seus olhos expressivos e sua atitude sempre alegre.<\/p>\n\n\n\n<h2 class=\"wp-block-heading\" id=\"por-qu-ver-fotos-pomerania\">Por que olhar fotos de Pomeranian?<\/h2>\n\n\n\n<p>Contemplar\u00a0<strong>Fotos de Pomer\u00e2nia<\/strong>\u00a0\u00c9 uma experi\u00eancia que alegra o dia. Cada imagem captura a ess\u00eancia da ra\u00e7a: sua ternura, sua energia e sua capacidade de transmitir emo\u00e7\u00f5es com apenas um olhar. No Canil Diana de la Jara, nos orgulhamos de <a href=\"https:\/\/dianadelajara.com\/pt\/criador\/criador-de-pomerania\/\" data-type=\"page\" data-id=\"4608\">cria\u00e7\u00e3o de pomer\u00e2nias<\/a> Saud\u00e1veis, equilibrados e felizes, cuidados com o m\u00e1ximo respeito e profissionalismo. Nossa galeria de\u00a0<strong>Fotos de Pomer\u00e2nia<\/strong>\u00a0\u00c9 o melhor testemunho do nosso trabalho e da qualidade dos nossos filhotes.<\/p>\n\n\n\n<h2 class=\"wp-block-heading\" id=\"colores-y-variaciones-en-nuestra-galera-de-fotos-p\">Cores e varia\u00e7\u00f5es em nossa galeria de fotos de Pomer\u00e2nia<\/h2>\n\n\n\n<p>Uma das caracter\u00edsticas mais fascinantes do Pomeranian \u00e9 a variedade de cores e padr\u00f5es que ele pode exibir. Em nossa galeria de&nbsp;<strong>Fotos de Pomer\u00e2nia<\/strong>&nbsp;Voc\u00ea encontrar\u00e1 exemplos em cores t\u00e3o diversas como:<\/p>\n\n\n\n<ul class=\"wp-block-list\">\n<li><strong>Laranja<\/strong>A cor mais ic\u00f4nica e popular, que real\u00e7a a beleza e o car\u00e1ter do Pomeranian.<\/li>\n\n\n\n<li><strong>Branco<\/strong>Uma pelagem pura e luminosa, ideal para quem procura um c\u00e3ozinho elegante e delicado.<\/li>\n\n\n\n<li><strong>Preto<\/strong>Uma cor cl\u00e1ssica e sofisticada que confere um toque de distin\u00e7\u00e3o.<\/li>\n\n\n\n<li><strong>Creme<\/strong>Um tom suave e acolhedor, perfeito para quem prefere um Pomeranian discreto e afetuoso.<\/li>\n\n\n\n<li><strong>Sabre<\/strong>Um padr\u00e3o de tigre com tons claros e escuros, conferindo a cada exemplar uma apar\u00eancia \u00fanica.<\/li>\n<\/ul>\n\n\n\n<p>Cada um dos nossos&nbsp;<strong>Fotos de Pomer\u00e2nia<\/strong>&nbsp;A exposi\u00e7\u00e3o destaca a diversidade e o charme da ra\u00e7a, permitindo que voc\u00ea aprecie as diferen\u00e7as e semelhan\u00e7as entre as v\u00e1rias cores e padr\u00f5es.<\/p>\n\n\n\n<h2 class=\"wp-block-heading\" id=\"el-da-a-da-de-los-cachorros-fotos-pomerania-en-acc\">O dia a dia dos filhotes de Pomer\u00e2nia: Fotos de Pomer\u00e2nias em a\u00e7\u00e3o<\/h2>\n\n\n\n<p>No Canil Diana de la Jara, oferecemos aos nossos filhotes de Pomer\u00e2nia um ambiente seguro, estimulante e cheio de amor. Nossa galeria de fotos mostra...&nbsp;<strong>Fotos de Pomer\u00e2nia<\/strong>&nbsp;Inclui imagens dos filhotes explorando, brincando, interagindo com outros c\u00e3es e recebendo carinho e aten\u00e7\u00e3o da nossa equipe de profissionais.<\/p>\n\n\n\n<p>Voc\u00ea ver\u00e1&nbsp;<strong>Fotos de Pomer\u00e2nia<\/strong>&nbsp;Nos primeiros dias de vida, aprendendo a andar, descobrindo o ambiente ao redor e socializando com outros filhotes. Voc\u00ea tamb\u00e9m encontrar\u00e1 fotos de Pomer\u00e2nias participando de sess\u00f5es b\u00e1sicas de adestramento, aproveitando momentos de relaxamento e demonstrando sua natureza curiosa e alegre.<\/p>\n\n\n\n<h2 class=\"wp-block-heading\" id=\"cmo-elegir-el-pomerania-perfecto-las-fotos-pomeran\">Como escolher o Pomeranian perfeito? Fotos de Pomeranian podem ajudar.<\/h2>\n\n\n\n<p>Se voc\u00ea est\u00e1 pensando em adotar ou comprar um Pomeranian, confira nossa galeria de fotos.&nbsp;<strong>Fotos de Pomer\u00e2nia<\/strong>&nbsp;\u00c9 uma ferramenta essencial. Observar filhotes em diferentes situa\u00e7\u00f5es permitir\u00e1 que voc\u00ea entenda sua personalidade, n\u00edvel de energia e como eles se adaptam ao ambiente.<\/p>\n\n\n\n<p>No Canil Diana de la Jara, selecionamos cuidadosamente cada um dos nossos Pomeranians, garantindo que atendam aos padr\u00f5es da ra\u00e7a e sejam saud\u00e1veis, equilibrados e soci\u00e1veis.&nbsp;<strong>Fotos de Pomer\u00e2nia<\/strong>&nbsp;Eles ir\u00e3o ajud\u00e1-lo a identificar o filhote que melhor se adapta ao seu estilo de vida e \u00e0s suas expectativas.<\/p>\n\n\n\n<h2 class=\"wp-block-heading\" id=\"pomerania-cuidados-y-curiosidades\">Pomer\u00e2nia: Cuidados e Curiosidades<\/h2>\n\n\n\n<p>O Pomeranian \u00e9 uma ra\u00e7a de baixa manuten\u00e7\u00e3o, mas requer alguns cuidados espec\u00edficos para garantir seu bem-estar. Em nossa galeria de fotos, voc\u00ea encontrar\u00e1 diversos exemplos.&nbsp;<strong>Fotos de Pomer\u00e2nia<\/strong>&nbsp;Voc\u00ea encontrar\u00e1 fotos que ilustram cuidados com a higiene, alimenta\u00e7\u00e3o, passeios e brincadeiras, al\u00e9m de dicas pr\u00e1ticas para cuidar do seu Pomeranian em casa.<\/p>\n\n\n\n<p>Algumas curiosidades interessantes sobre o Pomeranian que voc\u00ea pode conferir em nosso site.&nbsp;<strong>Fotos de Pomer\u00e2nia<\/strong>:<\/p>\n\n\n\n<ul class=\"wp-block-list\">\n<li><strong>Temperamento<\/strong>S\u00e3o c\u00e3es alegres, afetuosos e muito soci\u00e1veis, ideais para a vida em fam\u00edlia.<\/li>\n\n\n\n<li><strong>Atividade<\/strong>Apesar de serem pequenos, eles t\u00eam muita energia e gostam de caminhadas curtas e de brincar em casa.<\/li>\n\n\n\n<li><strong>Sa\u00fade<\/strong>Devido ao seu tamanho e morfologia, eles requerem aten\u00e7\u00e3o especial \u00e0 sa\u00fade da pelagem e dos dentes.<\/li>\n\n\n\n<li><strong>Coexist\u00eancia<\/strong>Eles se d\u00e3o bem com crian\u00e7as, adultos e outros animais de estima\u00e7\u00e3o, desde que sejam acostumados desde filhotes.<\/li>\n<\/ul>\n\n\n\n<h2 class=\"wp-block-heading\" id=\"fotos-pomerania-un-recuerdo-para-toda-la-vida\">Fotos de Pomer\u00e2nia: Uma lembran\u00e7a para a vida toda<\/h2>\n\n\n\n<p>O Pomeranian \u00e9 um companheiro para a vida toda, um amigo leal que preenche cada dia com alegria. No Canil Diana de la Jara, temos o prazer de compartilhar nossa galeria de fotos.&nbsp;<strong>Fotos de Pomer\u00e2nia<\/strong>&nbsp;Com todos os amantes da ra\u00e7a. Cada imagem \u00e9 uma lembran\u00e7a \u00fanica, um momento de felicidade que voc\u00ea pode reviver sempre que quiser.<\/p>\n\n\n\n<p>Convidamos voc\u00ea a explorar nossa cole\u00e7\u00e3o de&nbsp;<strong>Fotos de Pomer\u00e2nia<\/strong>, Compartilhe seus favoritos e entre em contato conosco se desejar mais informa\u00e7\u00f5es sobre nossos filhotes dispon\u00edveis. Temos o compromisso com a cria\u00e7\u00e3o respons\u00e1vel e o bem-estar de cada um de nossos Pomeranians.<\/p>\n\n\n\n<h2 class=\"wp-block-heading\" id=\"por-qu-elegir-el-criadero-diana-de-la-jara\">Por que escolher a Fazenda de Cria\u00e7\u00e3o Diana de la Jara?<\/h2>\n\n\n\n<p>No Canil Diana de la Jara, nossa paix\u00e3o por Pomeranians \u00e9 a nossa raz\u00e3o de ser. Dedicamo-nos \u00e0 cria\u00e7\u00e3o profissional e \u00e9tica, seguindo os mais altos padr\u00f5es de qualidade e bem-estar animal. Nossa galeria de fotos mostra...&nbsp;<strong>Fotos de Pomer\u00e2nia<\/strong>&nbsp;\u00c9 a melhor introdu\u00e7\u00e3o ao nosso trabalho e ao nosso compromisso com a ra\u00e7a.<\/p>\n\n\n\n<p>Quando voc\u00ea pesquisa&nbsp;<strong>Fotos de Pomer\u00e2nia<\/strong>, Lembre-se que por tr\u00e1s de cada foto existe uma hist\u00f3ria de carinho, dedica\u00e7\u00e3o e amor. Convidamos voc\u00ea a conhecer nossos filhotes, visitar nosso canil e se tornar parte da nossa grande fam\u00edlia de amantes de Pomer\u00e2nia.<\/p>\n\n\n\n<h2 class=\"wp-block-heading\" id=\"conclusin\">Conclus\u00e3o<\/h2>\n\n\n\n<p>A galeria de&nbsp;<strong>Fotos de Pomer\u00e2nia<\/strong>&nbsp;O Canil Diana de la Jara \u00e9 uma janela para o mundo desses ador\u00e1veis c\u00e3ezinhos, uma oportunidade para descobrir a magia da ra\u00e7a e se apaixonar por cada um dos nossos filhotes. Explore nossas fotos, compartilhe sua experi\u00eancia e deixe-se cativar pela ternura e personalidade dos Pomeranians. Aguardamos sua visita ao Canil Diana de la Jara!<\/p>\n\n\n\n<p>Este texto est\u00e1 otimizado para a palavra-chave \u201cfotos de Pomeranian\u201d, inclui informa\u00e7\u00f5es \u00fateis, uma estrutura clara e chamadas \u00e0 a\u00e7\u00e3o, e refor\u00e7a a autoridade do canil Diana de la Jara no posicionamento de SEO.<\/p>","protected":false},"excerpt":{"rendered":"<p>Galer\u00eda de fotos Pomerania, las \u00faltimas fotos tomadas a nuestros cachorritos de Pomerania, tambi\u00e9n conocidos como Lul\u00fa de Pomerania. Bienvenido a nuestra espectacular galer\u00eda de&nbsp;fotos Pomerania, donde podr\u00e1s descubrir la ternura, la elegancia y la alegr\u00eda que caracterizan a los &#8230; <a title=\"Fotos de Pomer\u00e2nia\" class=\"read-more\" href=\"https:\/\/dianadelajara.com\/pt\/fotos-de-pomerania\/\" aria-label=\"Leia mais sobre Fotos Pomerania\">Leia mais<\/a><\/p>","protected":false},"author":1,"featured_media":0,"parent":0,"menu_order":0,"comment_status":"closed","ping_status":"closed","template":"","meta":{"_eb_attr":"","Raza":"","Precio":"","Sexo":"","Color":"","Tama\u00f1o":"","Fecha_Nacimiento":"","Entrega_Edad":"","ID_Nocodb":"","footnotes":""},"class_list":["post-7108","page","type-page","status-publish"],"_links":{"self":[{"href":"https:\/\/dianadelajara.com\/pt\/wp-json\/wp\/v2\/pages\/7108","targetHints":{"allow":["GET"]}}],"collection":[{"href":"https:\/\/dianadelajara.com\/pt\/wp-json\/wp\/v2\/pages"}],"about":[{"href":"https:\/\/dianadelajara.com\/pt\/wp-json\/wp\/v2\/types\/page"}],"author":[{"embeddable":true,"href":"https:\/\/dianadelajara.com\/pt\/wp-json\/wp\/v2\/users\/1"}],"replies":[{"embeddable":true,"href":"https:\/\/dianadelajara.com\/pt\/wp-json\/wp\/v2\/comments?post=7108"}],"version-history":[{"count":0,"href":"https:\/\/dianadelajara.com\/pt\/wp-json\/wp\/v2\/pages\/7108\/revisions"}],"wp:attachment":[{"href":"https:\/\/dianadelajara.com\/pt\/wp-json\/wp\/v2\/media?parent=7108"}],"curies":[{"name":"wp","href":"https:\/\/api.w.org\/{rel}","templated":true}]}}